{"id":530,"date":"2023-12-10T10:16:16","date_gmt":"2023-12-10T09:16:16","guid":{"rendered":"http:\/\/www.lyceehenaff.fr\/?page_id=530"},"modified":"2023-12-15T17:00:35","modified_gmt":"2023-12-15T16:00:35","slug":"cap-ebeniste","status":"publish","type":"page","link":"https:\/\/www.lyceehenaff.fr\/index.php\/cap-ebeniste\/","title":{"rendered":"CAP Eb\u00e9niste"},"content":{"rendered":"<p>[et_pb_section fb_built=\u00a0\u00bb1&Prime; _builder_version=\u00a0\u00bb4.23.1&Prime; _module_preset=\u00a0\u00bbdefault\u00a0\u00bb background_enable_image=\u00a0\u00bboff\u00a0\u00bb border_radii=\u00a0\u00bbon|10px|10px|10px|10px\u00a0\u00bb global_colors_info=\u00a0\u00bb{}\u00a0\u00bb][et_pb_row _builder_version=\u00a0\u00bb4.23.1&Prime; _module_preset=\u00a0\u00bbdefault\u00a0\u00bb global_colors_info=\u00a0\u00bb{}\u00a0\u00bb][et_pb_column type=\u00a0\u00bb4_4&Prime; _builder_version=\u00a0\u00bb4.23.1&Prime; _module_preset=\u00a0\u00bbdefault\u00a0\u00bb global_colors_info=\u00a0\u00bb{}\u00a0\u00bb][et_pb_heading title=\u00a0\u00bbCAP Eb\u00e9niste\u00a0\u00bb _builder_version=\u00a0\u00bb4.23.1&Prime; _module_preset=\u00a0\u00bbdefault\u00a0\u00bb global_colors_info=\u00a0\u00bb{}\u00a0\u00bb][\/et_pb_heading][\/et_pb_column][\/et_pb_row][\/et_pb_section][et_pb_section fb_built=\u00a0\u00bb1&Prime; _builder_version=\u00a0\u00bb4.23.1&Prime; _module_preset=\u00a0\u00bbdefault\u00a0\u00bb custom_margin=\u00a0\u00bb-126px|||||\u00a0\u00bb custom_padding=\u00a0\u00bb36px|||||\u00a0\u00bb global_colors_info=\u00a0\u00bb{}\u00a0\u00bb][et_pb_row _builder_version=\u00a0\u00bb4.23.1&Prime; _module_preset=\u00a0\u00bbdefault\u00a0\u00bb custom_margin=\u00a0\u00bb1px|auto||auto||\u00a0\u00bb global_colors_info=\u00a0\u00bb{}\u00a0\u00bb][et_pb_column type=\u00a0\u00bb4_4&Prime; _builder_version=\u00a0\u00bb4.23.1&Prime; _module_preset=\u00a0\u00bbdefault\u00a0\u00bb global_colors_info=\u00a0\u00bb{}\u00a0\u00bb][et_pb_text _builder_version=\u00a0\u00bb4.23.1&Prime; _module_preset=\u00a0\u00bbdefault\u00a0\u00bb width=\u00a0\u00bb100%\u00a0\u00bb custom_margin=\u00a0\u00bb|422px||||\u00a0\u00bb link_option_url_new_window=\u00a0\u00bbon\u00a0\u00bb global_colors_info=\u00a0\u00bb{}\u00a0\u00bb]<\/p>\n<p><strong>Pr\u00e9sentation du dipl\u00f4me\/m\u00e9tier<\/strong><\/p>\n<p><span>Le titulaire du CAP ce dipl\u00f4me sera capable de fabriquer et \/ ou de restaurer du mobilier. Le CAP donne la formation de base pour la fabrication ou la r\u00e9paration du mobilier selon le mode artisanal, \u00e0 la pi\u00e8ce ou en nombre limit\u00e9.<\/span><span>Travaillant en atelier, l\u2019\u00e9b\u00e9niste, \u00e0 partir de plans et d\u2019instructions qui lui ont \u00e9t\u00e9 donn\u00e9es, ex\u00e9cute soit un ensemble ou une partie de mobilier, soit un prototype pour une production en s\u00e9rie.<\/span><span>Dur\u00e9e du CAP (Certificat d\u2019aptitude professionnelle)\u00a0: 2 ans<\/span><\/p>\n<p><strong>Le profil recherch\u00e9<\/strong><\/p>\n<p>L\u2019\u00e9b\u00e9niste doit \u00eatre\u00a0:<\/p>\n<ul class=\"spip\">\n<li>adroit manuellement\u00a0;<\/li>\n<li>patient\u00a0: toute pr\u00e9cipitation doit \u00eatre \u00e9vit\u00e9e car les machines peuvent \u00eatre dangereuses\u00a0;<\/li>\n<li>minutieux.<\/li>\n<\/ul>\n<p>Il doit \u00e9galement\u00a0:<\/p>\n<ul class=\"spip\">\n<li>conna\u00eetre les diverses essences de bois\u00a0: bois divers, bois pr\u00e9cieux ou exotiques (bois de rose, de violette, acajou&#8230;)<\/li>\n<li>savoir comment le bois travaille avec le temps<\/li>\n<li>avoir le sens de l\u2019\u00e9conomie car le bois est cher et les chutes sont co\u00fbteuses<\/li>\n<li>faire preuve de sens artistique (\u00e9tude des styles du mobilier)<\/li>\n<li>avoir de l\u2019imagination et aimer le travail soign\u00e9.<\/li>\n<\/ul>\n<p>Des aptitudes en dessin technique sont exig\u00e9es pour exercer ce m\u00e9tier (g\u00e9om\u00e9trie plane, dessin d\u2019art \u00e0 main lev\u00e9e). Aux comp\u00e9tences de menuisier, s\u2019ajoute la connaissance de la g\u00e9om\u00e9trie, des notions artistiques et d\u2019histoire de l\u2019art. Il doit conna\u00eetre les diff\u00e9rentes essences de bois et leurs caract\u00e9ristiques de mise en \u0153uvre et ma\u00eetriser les techniques de placage\u00a0: feuilles de bois minces, assembl\u00e9es et coll\u00e9es selon l\u2019effet d\u00e9coratif d\u00e9sir\u00e9 (frisage et marqueterie), et les techniques de finition et de patinage&#8230;<\/p>\n<p><strong>Programme de travail<\/strong><\/p>\n<p>Le CAP permet l\u2019apprentissage de tous les gestes, vocabulaire technique et savoir faire de l\u2019\u00e9b\u00e9niste. Cette formation est essentiellement manuelle. L\u2019utilisation d\u2019outils, l\u2019acquisition de diff\u00e9rentes techniques (fabrication dans le bois massif pour l\u2019ossature d\u2019un meuble) et l\u2019apprentissage du travail de placage exigent beaucoup de m\u00e9ticulosit\u00e9.La forme doit \u00eatre esth\u00e9tique et la finition est souvent tr\u00e8s pouss\u00e9e.<\/p>\n<ul class=\"spip\">\n<li>Le CAP comprend des mati\u00e8res g\u00e9n\u00e9rales (fran\u00e7ais, histoire g\u00e9ographie, math\u00e9matiques et sciences, langue vivante, EPS, dessin d\u2019art, vie sociale et professionnelle) essentielles \u00e0 la formation de l\u2019\u00e9l\u00e8ve citoyen, \u00e0 sa culture g\u00e9n\u00e9rale et \u00e0 son autonomie.<\/li>\n<\/ul>\n<ul class=\"spip\">\n<li>Enseignement professionnel\u00a0: Dessin technique, Technologie, Travaux professionnels en atelier, Stages en milieu professionnel.<\/li>\n<\/ul>\n<p><span style=\"font-size: 14px;\">\u00a0<\/span><\/p>\n<p><strong>Poursuite d\u2019\u00e9tudes et d\u00e9bouch\u00e9s professionnels<\/strong><\/p>\n<p>Premi\u00e8re Brevet M\u00e9tiers d&rsquo;Art, option Eb\u00e9nisterie<\/p>\n<p>&nbsp;<\/p>\n<p><strong>Plus d\u2019infos&#8230;<\/strong><\/p>\n<p><a href=\"https:\/\/www.google.fr\/search?q=metiers+%C3%A9b%C3%A9niste&amp;tbo=p&amp;tbm=vid&amp;source=vgc&amp;hl=fr&amp;aq=f&amp;gws_rd=ssl\" class=\"spip_out\" rel=\"external noopener\" target=\"_blank\">Fiche m\u00e9tier ONISEP<\/a><\/p>\n<p>Vid\u00e9os de pr\u00e9sentation de l&rsquo;\u00e9b\u00e9niste<\/p>\n<p><a href=\"https:\/\/www.google.fr\/search?q=metiers+%C3%A9b%C3%A9niste&amp;tbo=p&amp;tbm=vid&amp;source=vgc&amp;hl=fr&amp;aq=f&amp;gws_rd=ssl\" target=\"_blank\" rel=\"noopener\"><\/a><\/p>\n<p>[\/et_pb_text][\/et_pb_column][\/et_pb_row][et_pb_row _builder_version=\u00a0\u00bb4.23.1&Prime; _module_preset=\u00a0\u00bbdefault\u00a0\u00bb global_colors_info=\u00a0\u00bb{}\u00a0\u00bb][et_pb_column type=\u00a0\u00bb4_4&Prime; _builder_version=\u00a0\u00bb4.23.1&Prime; _module_preset=\u00a0\u00bbdefault\u00a0\u00bb global_colors_info=\u00a0\u00bb{}\u00a0\u00bb][et_pb_gallery gallery_ids=\u00a0\u00bb546,545,544,543,542&Prime; fullwidth=\u00a0\u00bbon\u00a0\u00bb _builder_version=\u00a0\u00bb4.23.1&Prime; _module_preset=\u00a0\u00bbdefault\u00a0\u00bb animation_style=\u00a0\u00bbfade\u00a0\u00bb auto=\u00a0\u00bbon\u00a0\u00bb border_radii=\u00a0\u00bbon|10px|10px|10px|10px\u00a0\u00bb border_width_all=\u00a0\u00bb5px\u00a0\u00bb border_color_all=\u00a0\u00bb#000000&Prime; global_colors_info=\u00a0\u00bb{}\u00a0\u00bb][\/et_pb_gallery][\/et_pb_column][\/et_pb_row][et_pb_row _builder_version=\u00a0\u00bb4.23.1&Prime; _module_preset=\u00a0\u00bbdefault\u00a0\u00bb global_colors_info=\u00a0\u00bb{}\u00a0\u00bb][et_pb_column type=\u00a0\u00bb4_4&Prime; _builder_version=\u00a0\u00bb4.23.1&Prime; _module_preset=\u00a0\u00bbdefault\u00a0\u00bb global_colors_info=\u00a0\u00bb{}\u00a0\u00bb][et_pb_button button_url=\u00a0\u00bbhttps:\/\/www.lyceehenaff.fr\/wp-content\/uploads\/2023\/12\/plaquette_eb.pdf\u00a0\u00bb url_new_window=\u00a0\u00bbon\u00a0\u00bb button_text=\u00a0\u00bbPlaquette CAP Eb\u00e9niste\u00a0\u00bb button_alignment=\u00a0\u00bbcenter\u00a0\u00bb _builder_version=\u00a0\u00bb4.23.1&Prime; _module_preset=\u00a0\u00bbdefault\u00a0\u00bb custom_button=\u00a0\u00bbon\u00a0\u00bb button_text_color=\u00a0\u00bb#000000&Prime; hover_enabled=\u00a0\u00bb0&Prime; global_colors_info=\u00a0\u00bb{}\u00a0\u00bb sticky_enabled=\u00a0\u00bb0&Prime;][\/et_pb_button][\/et_pb_column][\/et_pb_row][\/et_pb_section]<\/p>\n","protected":false},"excerpt":{"rendered":"<p>Pr\u00e9sentation du dipl\u00f4me\/m\u00e9tier Le titulaire du CAP ce dipl\u00f4me sera capable de fabriquer et \/ ou de restaurer du mobilier. Le CAP donne la formation de base pour la fabrication ou la r\u00e9paration du mobilier selon le mode artisanal, \u00e0 la pi\u00e8ce ou en nombre limit\u00e9.Travaillant en atelier, l\u2019\u00e9b\u00e9niste, \u00e0 partir de plans et d\u2019instructions [&hellip;]<\/p>\n","protected":false},"author":2,"featured_media":0,"parent":0,"menu_order":0,"comment_status":"closed","ping_status":"closed","template":"","meta":{"_et_pb_use_builder":"on","_et_pb_old_content":"","_et_gb_content_width":"","footnotes":""},"class_list":["post-530","page","type-page","status-publish","hentry"],"_links":{"self":[{"href":"https:\/\/www.lyceehenaff.fr\/index.php\/wp-json\/wp\/v2\/pages\/530","targetHints":{"allow":["GET"]}}],"collection":[{"href":"https:\/\/www.lyceehenaff.fr\/index.php\/wp-json\/wp\/v2\/pages"}],"about":[{"href":"https:\/\/www.lyceehenaff.fr\/index.php\/wp-json\/wp\/v2\/types\/page"}],"author":[{"embeddable":true,"href":"https:\/\/www.lyceehenaff.fr\/index.php\/wp-json\/wp\/v2\/users\/2"}],"replies":[{"embeddable":true,"href":"https:\/\/www.lyceehenaff.fr\/index.php\/wp-json\/wp\/v2\/comments?post=530"}],"version-history":[{"count":11,"href":"https:\/\/www.lyceehenaff.fr\/index.php\/wp-json\/wp\/v2\/pages\/530\/revisions"}],"predecessor-version":[{"id":971,"href":"https:\/\/www.lyceehenaff.fr\/index.php\/wp-json\/wp\/v2\/pages\/530\/revisions\/971"}],"wp:attachment":[{"href":"https:\/\/www.lyceehenaff.fr\/index.php\/wp-json\/wp\/v2\/media?parent=530"}],"curies":[{"name":"wp","href":"https:\/\/api.w.org\/{rel}","templated":true}]}}