{"id":617,"date":"2023-12-10T12:08:15","date_gmt":"2023-12-10T11:08:15","guid":{"rendered":"http:\/\/www.lyceehenaff.fr\/?page_id=617"},"modified":"2025-06-10T19:49:09","modified_gmt":"2025-06-10T17:49:09","slug":"bts-metiers-du-geometre-topographe-et-de-la-modelisation-numerique","status":"publish","type":"page","link":"https:\/\/www.lyceehenaff.fr\/index.php\/bts-metiers-du-geometre-topographe-et-de-la-modelisation-numerique\/","title":{"rendered":"BTS M\u00e9tiers du G\u00e9om\u00e8tre Topographe et de la Mod\u00e9lisation Num\u00e9rique"},"content":{"rendered":"<p>[et_pb_section fb_built=\u00a0\u00bb1&Prime; _builder_version=\u00a0\u00bb4.23.1&Prime; _module_preset=\u00a0\u00bbdefault\u00a0\u00bb background_enable_image=\u00a0\u00bboff\u00a0\u00bb border_radii=\u00a0\u00bbon|10px|10px|10px|10px\u00a0\u00bb global_colors_info=\u00a0\u00bb{}\u00a0\u00bb][et_pb_row _builder_version=\u00a0\u00bb4.23.1&Prime; _module_preset=\u00a0\u00bbdefault\u00a0\u00bb global_colors_info=\u00a0\u00bb{}\u00a0\u00bb][et_pb_column type=\u00a0\u00bb4_4&Prime; _builder_version=\u00a0\u00bb4.23.1&Prime; _module_preset=\u00a0\u00bbdefault\u00a0\u00bb global_colors_info=\u00a0\u00bb{}\u00a0\u00bb][et_pb_heading title=\u00a0\u00bbBTS M\u00e9tiers du G\u00e9om\u00e8tre Topographe et de la Mod\u00e9lisation Num\u00e9rique\u00a0\u00bb _builder_version=\u00a0\u00bb4.23.1&Prime; _module_preset=\u00a0\u00bbdefault\u00a0\u00bb global_colors_info=\u00a0\u00bb{}\u00a0\u00bb][\/et_pb_heading][\/et_pb_column][\/et_pb_row][\/et_pb_section][et_pb_section fb_built=\u00a0\u00bb1&Prime; _builder_version=\u00a0\u00bb4.23.1&Prime; _module_preset=\u00a0\u00bbdefault\u00a0\u00bb custom_margin=\u00a0\u00bb-126px|||||\u00a0\u00bb custom_padding=\u00a0\u00bb36px|||||\u00a0\u00bb global_colors_info=\u00a0\u00bb{}\u00a0\u00bb][et_pb_row _builder_version=\u00a0\u00bb4.23.1&Prime; _module_preset=\u00a0\u00bbdefault\u00a0\u00bb custom_margin=\u00a0\u00bb1px|auto||auto||\u00a0\u00bb global_colors_info=\u00a0\u00bb{}\u00a0\u00bb][et_pb_column type=\u00a0\u00bb4_4&Prime; _builder_version=\u00a0\u00bb4.23.1&Prime; _module_preset=\u00a0\u00bbdefault\u00a0\u00bb global_colors_info=\u00a0\u00bb{}\u00a0\u00bb][et_pb_text _builder_version=\u00a0\u00bb4.23.1&Prime; _module_preset=\u00a0\u00bbdefault\u00a0\u00bb width=\u00a0\u00bb100%\u00a0\u00bb custom_margin=\u00a0\u00bb|422px||||\u00a0\u00bb link_option_url_new_window=\u00a0\u00bbon\u00a0\u00bb global_colors_info=\u00a0\u00bb{}\u00a0\u00bb]<\/p>\n<p><i style=\"font-size: 14px;\">\u00a0BTS G\u00e9om\u00e8tre-Topographe apprentissage par alternance (15 places disponibles).<\/i><strong><\/strong><\/p>\n<p><strong>Pr\u00e9sentation du dipl\u00f4me\/m\u00e9tier<\/strong><\/p>\n<ul class=\"spip\">\n<li>En am\u00e9nagement de l\u2019environnement et en urbanisme, le g\u00e9om\u00e8tre est celui qui poss\u00e8de une vision globale de l\u2019occupation technique et juridique du sol.<\/li>\n<\/ul>\n<ul class=\"spip\">\n<li>Le titulaire du BTS mesure la terre, au sens strict du terme. Il calcule, d\u00e9limite, repr\u00e9sente et estime le terrain du futur ouvrage. Sur place, il rel\u00e8ve les niveaux d\u2019altitude du sol et en d\u00e9crit les caract\u00e9ristiques. Il consigne ces donn\u00e9es \u00e0 main lev\u00e9e sur des carnets ou des croquis. A partir des donn\u00e9es saisies sur le terrain, de cartes, de photos a\u00e9riennes, il fait des calculs qui lui permettent l\u2019\u00e9laboration ou la mise \u00e0 jour de plans.<\/li>\n<\/ul>\n<p><strong style=\"font-size: 14px;\"><\/strong><\/p>\n<p><strong style=\"font-size: 14px;\"><\/strong><\/p>\n<p><strong style=\"font-size: 14px;\">Le profil recherch\u00e9<\/strong><\/p>\n<p><span>Cette formation accueille des \u00e9l\u00e8ves titulaires des bacs S, STI \u00ab\u00a0g\u00e9nie civil\u00a0\u00bb, STI2D, ES,\u00a0<\/span><a href=\"https:\/\/www.lyceehenaff.fr\/index.php\/bac-professionnel-technicien-geometre-topographe\/\">Bac pro G\u00e9om\u00e8tre Topographe<\/a><span>.<\/span><\/p>\n<p><strong>Programme de travail<\/strong><\/p>\n<p>Le dipl\u00f4m\u00e9 poss\u00e8de des connaissances en topographie, en droit foncier. Sa formation \u00e9conomique lui permet d\u2019aider l\u2019expert \u00e0 formuler des avis sur les probl\u00e8mes fonciers ou d\u2019am\u00e9nagement. Il est \u00e0 m\u00eame d\u2019assurer la gestion d\u2019une \u00e9quipe ou d\u2019un chantier de topographie.<strong><\/strong><\/p>\n<p><strong>Pour postuler<\/strong><br class=\"autobr\" \/><span>Pour tous renseignements et candidature : courriel \u00e0 l\u2019adresse suivante : <\/span><a href=\"mailto:bts@lyceehenaff.fr\" class=\"spip_mail\">bts@lyceehenaff.fr.<\/a><\/p>\n<p>Il faut joindre \u00e0 votre courriel, votre CV , Lettre de motivation, vos derniers relev\u00e9s de notes (BAC et\/ou autre diplomes). Attention, cette formation est en apprentissage sur 2ans, il faudra donc obligatoirement une promesse d&#8217;embauche.<\/p>\n<p>\u00a0<strong>Plus d\u2019infos&#8230;<\/strong><\/p>\n<p><a href=\"https:\/\/www.onisep.fr\/ressources\/Univers-Metier\/Metiers\/geometre-topographe\">Fiche ONISEP G\u00e9om\u00e8tre Topographe<\/a><\/p>\n<p><a href=\"https:\/\/www.forpro-creteil.org\/formation\/apprentissage\/cfa-academique\/\" target=\"_blank\" rel=\"noopener\">Site du C.F.A. de l\u2019Acad\u00e9mique de Cr\u00e9teil<\/a><br class=\"autobr\" \/><a href=\"https:\/\/www.onisep.fr\/ressources\/univers-formation\/formations\/Post-bac\/bts-metiers-du-geometre-topographe-et-de-la-modelisation-numerique\">Fiche ONISEP BTS M\u00e9tiers du g\u00e9om\u00e8tre topographe<\/a><\/p>\n<p><a href=\"https:\/\/www.youtube.com\/watch?v=6R5EiYpL1ic\" target=\"_blank\" rel=\"noopener\"><\/a><\/p>\n<p>[\/et_pb_text][\/et_pb_column][\/et_pb_row][et_pb_row _builder_version=\u00a0\u00bb4.23.1&Prime; _module_preset=\u00a0\u00bbdefault\u00a0\u00bb global_colors_info=\u00a0\u00bb{}\u00a0\u00bb][et_pb_column type=\u00a0\u00bb4_4&Prime; _builder_version=\u00a0\u00bb4.23.1&Prime; _module_preset=\u00a0\u00bbdefault\u00a0\u00bb global_colors_info=\u00a0\u00bb{}\u00a0\u00bb][et_pb_gallery gallery_ids=\u00a0\u00bb605,606,607,608,609,610,611,612,613,614&Prime; fullwidth=\u00a0\u00bbon\u00a0\u00bb _builder_version=\u00a0\u00bb4.23.1&Prime; _module_preset=\u00a0\u00bbdefault\u00a0\u00bb animation_style=\u00a0\u00bbfade\u00a0\u00bb auto=\u00a0\u00bbon\u00a0\u00bb border_radii=\u00a0\u00bbon|10px|10px|10px|10px\u00a0\u00bb border_width_all=\u00a0\u00bb5px\u00a0\u00bb border_color_all=\u00a0\u00bb#000000&Prime; global_colors_info=\u00a0\u00bb{}\u00a0\u00bb][\/et_pb_gallery][\/et_pb_column][\/et_pb_row][et_pb_row _builder_version=\u00a0\u00bb4.23.1&Prime; _module_preset=\u00a0\u00bbdefault\u00a0\u00bb global_colors_info=\u00a0\u00bb{}\u00a0\u00bb][et_pb_column type=\u00a0\u00bb4_4&Prime; _builder_version=\u00a0\u00bb4.23.1&Prime; _module_preset=\u00a0\u00bbdefault\u00a0\u00bb global_colors_info=\u00a0\u00bb{}\u00a0\u00bb][et_pb_button button_url=\u00a0\u00bbhttps:\/\/www.lyceehenaff.fr\/wp-content\/uploads\/2023\/12\/plaquette_BTS_Topo.pdf\u00a0\u00bb url_new_window=\u00a0\u00bbon\u00a0\u00bb button_text=\u00a0\u00bbPlaquette BTS MGTMN\u00a0\u00bb button_alignment=\u00a0\u00bbcenter\u00a0\u00bb _builder_version=\u00a0\u00bb4.23.1&Prime; _module_preset=\u00a0\u00bbdefault\u00a0\u00bb custom_button=\u00a0\u00bbon\u00a0\u00bb button_text_color=\u00a0\u00bb#000000&Prime; global_colors_info=\u00a0\u00bb{}\u00a0\u00bb][\/et_pb_button][\/et_pb_column][\/et_pb_row][\/et_pb_section]<\/p>\n","protected":false},"excerpt":{"rendered":"<p>\u00a0BTS G\u00e9om\u00e8tre-Topographe apprentissage par alternance (15 places disponibles). Pr\u00e9sentation du dipl\u00f4me\/m\u00e9tier En am\u00e9nagement de l\u2019environnement et en urbanisme, le g\u00e9om\u00e8tre est celui qui poss\u00e8de une vision globale de l\u2019occupation technique et juridique du sol. Le titulaire du BTS mesure la terre, au sens strict du terme. Il calcule, d\u00e9limite, repr\u00e9sente et estime le terrain du [&hellip;]<\/p>\n","protected":false},"author":2,"featured_media":0,"parent":0,"menu_order":0,"comment_status":"closed","ping_status":"closed","template":"","meta":{"_et_pb_use_builder":"on","_et_pb_old_content":"","_et_gb_content_width":"","footnotes":""},"class_list":["post-617","page","type-page","status-publish","hentry"],"_links":{"self":[{"href":"https:\/\/www.lyceehenaff.fr\/index.php\/wp-json\/wp\/v2\/pages\/617","targetHints":{"allow":["GET"]}}],"collection":[{"href":"https:\/\/www.lyceehenaff.fr\/index.php\/wp-json\/wp\/v2\/pages"}],"about":[{"href":"https:\/\/www.lyceehenaff.fr\/index.php\/wp-json\/wp\/v2\/types\/page"}],"author":[{"embeddable":true,"href":"https:\/\/www.lyceehenaff.fr\/index.php\/wp-json\/wp\/v2\/users\/2"}],"replies":[{"embeddable":true,"href":"https:\/\/www.lyceehenaff.fr\/index.php\/wp-json\/wp\/v2\/comments?post=617"}],"version-history":[{"count":9,"href":"https:\/\/www.lyceehenaff.fr\/index.php\/wp-json\/wp\/v2\/pages\/617\/revisions"}],"predecessor-version":[{"id":2178,"href":"https:\/\/www.lyceehenaff.fr\/index.php\/wp-json\/wp\/v2\/pages\/617\/revisions\/2178"}],"wp:attachment":[{"href":"https:\/\/www.lyceehenaff.fr\/index.php\/wp-json\/wp\/v2\/media?parent=617"}],"curies":[{"name":"wp","href":"https:\/\/api.w.org\/{rel}","templated":true}]}}