{"id":879,"date":"2023-12-14T15:34:15","date_gmt":"2023-12-14T14:34:15","guid":{"rendered":"http:\/\/www.lyceehenaff.fr\/?page_id=879"},"modified":"2025-06-12T15:34:14","modified_gmt":"2025-06-12T13:34:14","slug":"periodes-de-formation-en-milieu-professionnel","status":"publish","type":"page","link":"https:\/\/www.lyceehenaff.fr\/index.php\/periodes-de-formation-en-milieu-professionnel\/","title":{"rendered":"P\u00e9riodes de Formation en Milieu Professionnel"},"content":{"rendered":"<p>[et_pb_section fb_built=\u00a0\u00bb1&Prime; _builder_version=\u00a0\u00bb4.23.1&Prime; _module_preset=\u00a0\u00bbdefault\u00a0\u00bb background_enable_image=\u00a0\u00bboff\u00a0\u00bb border_radii=\u00a0\u00bbon|10px|10px|10px|10px\u00a0\u00bb global_colors_info=\u00a0\u00bb{}\u00a0\u00bb][et_pb_row _builder_version=\u00a0\u00bb4.23.1&Prime; _module_preset=\u00a0\u00bbdefault\u00a0\u00bb global_colors_info=\u00a0\u00bb{}\u00a0\u00bb][et_pb_column type=\u00a0\u00bb4_4&Prime; _builder_version=\u00a0\u00bb4.23.1&Prime; _module_preset=\u00a0\u00bbdefault\u00a0\u00bb global_colors_info=\u00a0\u00bb{}\u00a0\u00bb][et_pb_heading title=\u00a0\u00bbP\u00e9riodes de formation en milieu professionnel 2025-2026&Prime; _builder_version=\u00a0\u00bb4.27.4&Prime; _module_preset=\u00a0\u00bbdefault\u00a0\u00bb title_text_align=\u00a0\u00bbleft\u00a0\u00bb hover_enabled=\u00a0\u00bb0&Prime; global_colors_info=\u00a0\u00bb{}\u00a0\u00bb sticky_enabled=\u00a0\u00bb0&Prime;][\/et_pb_heading][\/et_pb_column][\/et_pb_row][\/et_pb_section][et_pb_section fb_built=\u00a0\u00bb1&Prime; _builder_version=\u00a0\u00bb4.23.1&Prime; _module_preset=\u00a0\u00bbdefault\u00a0\u00bb custom_margin=\u00a0\u00bb-126px|||||\u00a0\u00bb custom_padding=\u00a0\u00bb36px|||||\u00a0\u00bb global_colors_info=\u00a0\u00bb{}\u00a0\u00bb][et_pb_row _builder_version=\u00a0\u00bb4.23.1&Prime; _module_preset=\u00a0\u00bbdefault\u00a0\u00bb custom_margin=\u00a0\u00bb1px|auto||auto||\u00a0\u00bb global_colors_info=\u00a0\u00bb{}\u00a0\u00bb][et_pb_column type=\u00a0\u00bb4_4&Prime; _builder_version=\u00a0\u00bb4.23.1&Prime; _module_preset=\u00a0\u00bbdefault\u00a0\u00bb global_colors_info=\u00a0\u00bb{}\u00a0\u00bb][et_pb_text _builder_version=\u00a0\u00bb4.27.4&Prime; _module_preset=\u00a0\u00bbdefault\u00a0\u00bb width=\u00a0\u00bb80%\u00a0\u00bb min_height=\u00a0\u00bb346.4px\u00a0\u00bb custom_margin=\u00a0\u00bb|422px||||\u00a0\u00bb custom_padding=\u00a0\u00bb0px|||||\u00a0\u00bb link_option_url_new_window=\u00a0\u00bbon\u00a0\u00bb hover_enabled=\u00a0\u00bb0&Prime; global_colors_info=\u00a0\u00bb{}\u00a0\u00bb sticky_enabled=\u00a0\u00bb0&Prime;]<\/p>\n<p>En voie professionnelle, l\u2019\u00e9cole et l\u2019entreprise concourent ensemble \u00e0 la professionnalisation des \u00e9l\u00e8ves, c\u2019est-\u00e0-dire \u00e0 l\u2019acquisition des comp\u00e9tences qui leur permettront et une qualification r\u00e9elle et une insertion r\u00e9ussie.<\/p>\n<p>Aussi les \u00e9l\u00e8ves en voie professionnelle ont-ils \u00e0 effectuer des p\u00e9riodes de formation en milieu professionnel dont la dur\u00e9e varie selon le dipl\u00f4me pr\u00e9par\u00e9\u00a0:<\/p>\n<p>20 semaines durant les 3 ans du baccalaur\u00e9at professionnel<\/p>\n<p>12 semaines durant les 2 ans du Brevet des m\u00e9tiers d\u2019art : Graphisme et d\u00e9cor<\/p>\n<p>15 semaines durant les 2 ans du Brevet des m\u00e9tiers d\u2019art : Eb\u00e9niste<\/p>\n<p>14 semaines durant les 2 ans du CAP Installateur thermique<\/p>\n<p>12 semaines durant les 2 ans du CAP Signal\u00e9tique et D\u00e9cor graphique et du CAP Eb\u00e9nisterie<\/p>\n<p>16 semaines en Mention compl\u00e9mentaire Technicien en \u00e9nergies renouvelables.<\/p>\n<p>Les \u00e9l\u00e8ves peuvent d\u2019ores et d\u00e9j\u00e0 rechercher leur(s) entreprise(s) pour l\u2019ann\u00e9e scolaire 2024-2025.<\/p>\n<p>P\u00e9riodes de formation en milieu professionnel 2025-2026 :<\/p>\n<p>&nbsp;<\/p>\n<p><a href=\"https:\/\/www.youtube.com\/watch?v=6R5EiYpL1ic\" target=\"_blank\" rel=\"noopener\"><\/a><\/p>\n<p>[\/et_pb_text][\/et_pb_column][\/et_pb_row][et_pb_row _builder_version=\u00a0\u00bb4.23.1&Prime; _module_preset=\u00a0\u00bbdefault\u00a0\u00bb custom_margin=\u00a0\u00bb-69px|auto||auto||\u00a0\u00bb custom_padding=\u00a0\u00bb0px|||||\u00a0\u00bb global_colors_info=\u00a0\u00bb{}\u00a0\u00bb][et_pb_column type=\u00a0\u00bb4_4&Prime; _builder_version=\u00a0\u00bb4.23.1&Prime; _module_preset=\u00a0\u00bbdefault\u00a0\u00bb global_colors_info=\u00a0\u00bb{}\u00a0\u00bb][et_pb_image src=\u00a0\u00bbhttps:\/\/www.lyceehenaff.fr\/wp-content\/uploads\/2025\/06\/Calendrier-de-PFMP-annee-2025_2026_-version-finale.webp\u00a0\u00bb title_text=\u00a0\u00bbCalendrier de PFMP annee 2025_2026_ version finale\u00a0\u00bb _builder_version=\u00a0\u00bb4.27.4&Prime; _module_preset=\u00a0\u00bbdefault\u00a0\u00bb min_height=\u00a0\u00bb751px\u00a0\u00bb custom_padding=\u00a0\u00bb0px|||||\u00a0\u00bb hover_enabled=\u00a0\u00bb0&Prime; global_colors_info=\u00a0\u00bb{}\u00a0\u00bb sticky_enabled=\u00a0\u00bb0&Prime;][\/et_pb_image][\/et_pb_column][\/et_pb_row][et_pb_row _builder_version=\u00a0\u00bb4.23.1&Prime; _module_preset=\u00a0\u00bbdefault\u00a0\u00bb global_colors_info=\u00a0\u00bb{}\u00a0\u00bb][et_pb_column type=\u00a0\u00bb4_4&Prime; _builder_version=\u00a0\u00bb4.23.1&Prime; _module_preset=\u00a0\u00bbdefault\u00a0\u00bb global_colors_info=\u00a0\u00bb{}\u00a0\u00bb][et_pb_button button_url=\u00a0\u00bbhttps:\/\/www.lyceehenaff.fr\/wp-content\/uploads\/2025\/06\/Calendrier-de-PFMP-annee-2025_2026_-version-finale.pdf\u00a0\u00bb url_new_window=\u00a0\u00bbon\u00a0\u00bb button_text=\u00a0\u00bbT\u00e9l\u00e9charger le calendrier\u00a0\u00bb button_alignment=\u00a0\u00bbcenter\u00a0\u00bb _builder_version=\u00a0\u00bb4.27.4&Prime; _module_preset=\u00a0\u00bbdefault\u00a0\u00bb custom_button=\u00a0\u00bbon\u00a0\u00bb button_text_color=\u00a0\u00bb#000000&Prime; hover_enabled=\u00a0\u00bb0&Prime; global_colors_info=\u00a0\u00bb{}\u00a0\u00bb sticky_enabled=\u00a0\u00bb0&Prime;][\/et_pb_button][\/et_pb_column][\/et_pb_row][\/et_pb_section]<\/p>\n","protected":false},"excerpt":{"rendered":"<p>En voie professionnelle, l\u2019\u00e9cole et l\u2019entreprise concourent ensemble \u00e0 la professionnalisation des \u00e9l\u00e8ves, c\u2019est-\u00e0-dire \u00e0 l\u2019acquisition des comp\u00e9tences qui leur permettront et une qualification r\u00e9elle et une insertion r\u00e9ussie. Aussi les \u00e9l\u00e8ves en voie professionnelle ont-ils \u00e0 effectuer des p\u00e9riodes de formation en milieu professionnel dont la dur\u00e9e varie selon le dipl\u00f4me pr\u00e9par\u00e9\u00a0: 20 semaines [&hellip;]<\/p>\n","protected":false},"author":2,"featured_media":0,"parent":0,"menu_order":0,"comment_status":"closed","ping_status":"closed","template":"","meta":{"_et_pb_use_builder":"on","_et_pb_old_content":"","_et_gb_content_width":"","footnotes":""},"class_list":["post-879","page","type-page","status-publish","hentry"],"_links":{"self":[{"href":"https:\/\/www.lyceehenaff.fr\/index.php\/wp-json\/wp\/v2\/pages\/879","targetHints":{"allow":["GET"]}}],"collection":[{"href":"https:\/\/www.lyceehenaff.fr\/index.php\/wp-json\/wp\/v2\/pages"}],"about":[{"href":"https:\/\/www.lyceehenaff.fr\/index.php\/wp-json\/wp\/v2\/types\/page"}],"author":[{"embeddable":true,"href":"https:\/\/www.lyceehenaff.fr\/index.php\/wp-json\/wp\/v2\/users\/2"}],"replies":[{"embeddable":true,"href":"https:\/\/www.lyceehenaff.fr\/index.php\/wp-json\/wp\/v2\/comments?post=879"}],"version-history":[{"count":14,"href":"https:\/\/www.lyceehenaff.fr\/index.php\/wp-json\/wp\/v2\/pages\/879\/revisions"}],"predecessor-version":[{"id":2220,"href":"https:\/\/www.lyceehenaff.fr\/index.php\/wp-json\/wp\/v2\/pages\/879\/revisions\/2220"}],"wp:attachment":[{"href":"https:\/\/www.lyceehenaff.fr\/index.php\/wp-json\/wp\/v2\/media?parent=879"}],"curies":[{"name":"wp","href":"https:\/\/api.w.org\/{rel}","templated":true}]}}